{"id":352,"date":"2020-10-20T17:35:15","date_gmt":"2020-10-20T15:35:15","guid":{"rendered":"https:\/\/www.laetitiadamiani.com\/?page_id=352"},"modified":"2020-10-26T17:17:57","modified_gmt":"2020-10-26T16:17:57","slug":"soutien-aux-aidants","status":"publish","type":"page","link":"https:\/\/www.laetitiadamiani.com\/index.php\/soutien-aux-aidants\/","title":{"rendered":"Soutien aux Aidants"},"content":{"rendered":"\t\t<div data-elementor-type=\"wp-page\" data-elementor-id=\"352\" class=\"elementor elementor-352\" data-elementor-settings=\"[]\">\n\t\t\t\t\t\t<div class=\"elementor-inner\">\n\t\t\t\t\t\t\t<div class=\"elementor-section-wrap\">\n\t\t\t\t\t\t\t<section class=\"elementor-section elementor-top-section elementor-element elementor-element-71445e6 elementor-section-boxed elementor-section-height-default elementor-section-height-default\" data-id=\"71445e6\" data-element_type=\"section\">\n\t\t\t\t\t\t<div class=\"elementor-container elementor-column-gap-default\">\n\t\t\t\t\t\t\t<div class=\"elementor-row\">\n\t\t\t\t\t<div class=\"elementor-column elementor-col-100 elementor-top-column elementor-element elementor-element-d5f9ae2\" data-id=\"d5f9ae2\" data-element_type=\"column\">\n\t\t\t<div class=\"elementor-column-wrap elementor-element-populated\">\n\t\t\t\t\t\t\t<div class=\"elementor-widget-wrap\">\n\t\t\t\t\t\t<div class=\"elementor-element elementor-element-74668ed elementor-widget elementor-widget-heading\" data-id=\"74668ed\" data-element_type=\"widget\" data-widget_type=\"heading.default\">\n\t\t\t\t<div class=\"elementor-widget-container\">\n\t\t\t<h2 class=\"elementor-heading-title elementor-size-default\">| SOUTIEN AUX AIDANTS<\/h2>\t\t<\/div>\n\t\t\t\t<\/div>\n\t\t\t\t\t\t<\/div>\n\t\t\t\t\t<\/div>\n\t\t<\/div>\n\t\t\t\t\t\t\t\t<\/div>\n\t\t\t\t\t<\/div>\n\t\t<\/section>\n\t\t\t\t<section class=\"elementor-section elementor-top-section elementor-element elementor-element-918bab5 elementor-section-boxed elementor-section-height-default elementor-section-height-default\" data-id=\"918bab5\" data-element_type=\"section\">\n\t\t\t\t\t\t<div class=\"elementor-container elementor-column-gap-default\">\n\t\t\t\t\t\t\t<div class=\"elementor-row\">\n\t\t\t\t\t<div class=\"elementor-column elementor-col-100 elementor-top-column elementor-element elementor-element-8d49e15\" data-id=\"8d49e15\" data-element_type=\"column\">\n\t\t\t<div class=\"elementor-column-wrap elementor-element-populated\">\n\t\t\t\t\t\t\t<div class=\"elementor-widget-wrap\">\n\t\t\t\t\t\t<div class=\"elementor-element elementor-element-4c9b3a1 elementor-widget elementor-widget-heading\" data-id=\"4c9b3a1\" data-element_type=\"widget\" data-widget_type=\"heading.default\">\n\t\t\t\t<div class=\"elementor-widget-container\">\n\t\t\t<h3 class=\"elementor-heading-title elementor-size-default\">La pratique de la Sophrologie Existentielle offre ce temps de r\u00e9pit, physique, psychique et affectif, ce temps pour soi qui manque tant, un besoin dont on n'a pas souvent conscience.<\/h3>\t\t<\/div>\n\t\t\t\t<\/div>\n\t\t\t\t\t\t<\/div>\n\t\t\t\t\t<\/div>\n\t\t<\/div>\n\t\t\t\t\t\t\t\t<\/div>\n\t\t\t\t\t<\/div>\n\t\t<\/section>\n\t\t\t\t<section class=\"elementor-section elementor-top-section elementor-element elementor-element-3c5ac6d elementor-section-boxed elementor-section-height-default elementor-section-height-default\" data-id=\"3c5ac6d\" data-element_type=\"section\">\n\t\t\t\t\t\t<div class=\"elementor-container elementor-column-gap-default\">\n\t\t\t\t\t\t\t<div class=\"elementor-row\">\n\t\t\t\t\t<div class=\"elementor-column elementor-col-100 elementor-top-column elementor-element elementor-element-78c3c55\" data-id=\"78c3c55\" data-element_type=\"column\">\n\t\t\t<div class=\"elementor-column-wrap elementor-element-populated\">\n\t\t\t\t\t\t\t<div class=\"elementor-widget-wrap\">\n\t\t\t\t\t\t<div class=\"elementor-element elementor-element-a2c634b elementor-widget elementor-widget-heading\" data-id=\"a2c634b\" data-element_type=\"widget\" data-widget_type=\"heading.default\">\n\t\t\t\t<div class=\"elementor-widget-container\">\n\t\t\t<h4 class=\"elementor-heading-title elementor-size-default\">| UNE SENSIBILIT\u00c9 PARTICULI\u00c8RE POUR LES AIDANTS<\/h4>\t\t<\/div>\n\t\t\t\t<\/div>\n\t\t\t\t\t\t<\/div>\n\t\t\t\t\t<\/div>\n\t\t<\/div>\n\t\t\t\t\t\t\t\t<\/div>\n\t\t\t\t\t<\/div>\n\t\t<\/section>\n\t\t\t\t<section class=\"elementor-section elementor-top-section elementor-element elementor-element-0701207 elementor-section-boxed elementor-section-height-default elementor-section-height-default\" data-id=\"0701207\" data-element_type=\"section\">\n\t\t\t\t\t\t<div class=\"elementor-container elementor-column-gap-default\">\n\t\t\t\t\t\t\t<div class=\"elementor-row\">\n\t\t\t\t\t<div class=\"elementor-column elementor-col-100 elementor-top-column elementor-element elementor-element-5fe7df9\" data-id=\"5fe7df9\" data-element_type=\"column\">\n\t\t\t<div class=\"elementor-column-wrap elementor-element-populated\">\n\t\t\t\t\t\t\t<div class=\"elementor-widget-wrap\">\n\t\t\t\t\t\t<div class=\"elementor-element elementor-element-399d3a3 elementor-widget elementor-widget-text-editor\" data-id=\"399d3a3\" data-element_type=\"widget\" data-widget_type=\"text-editor.default\">\n\t\t\t\t<div class=\"elementor-widget-container\">\n\t\t\t\t\t<div class=\"elementor-text-editor elementor-clearfix\"><p>D\u00e8s l\u2019enfance j\u2019ai \u00e9t\u00e9 en contact r\u00e9gulier avec des personnes de mon entourage, le voisinage, s\u2019occupant pleinement de leurs proches en perte d\u2019autonomie li\u00e9es \u00e0 l\u2019\u00e2ge ou \u00e0 un handicap. Issue d\u2019un environnement rural, il n\u2019\u00e9tait pas rare de voir plusieurs g\u00e9n\u00e9rations vivre sous le m\u00eame toit, de constater que l\u2019entraide, ou mieux la prise en charge entre membres d\u2019une m\u00eame famille advienne comme une \u00e9vidence. Des Aidants d\u00e9vou\u00e9s qui s\u2019ignoraient.<\/p><p>Depuis quelques ann\u00e9es d\u00e9sormais, je suis sensibilis\u00e9e \u00e0 l\u2019accompagnement de membres familiaux touch\u00e9s par la maladie d\u2019Alzheimer et par l\u2019AVC (Accident Vasculaire C\u00e9r\u00e9bral). J\u2019ai observ\u00e9, j\u2019ai v\u00e9cu \u00e0 mon niveau de petite-fille ou conjointe, l\u2019impact de ces affections s\u00e9v\u00e8res sur les personnes elles-m\u00eames et sur leurs proches.<\/p><p>De ces exp\u00e9riences, je retiens que l\u2019irruption de la maladie, d&#8217;un handicap ou d&#8217;une d\u00e9mence retentit comme une onde en agissant \u00e0 plusieurs niveaux, tout d\u2019abord sur la personne concern\u00e9e puis sur ses proches, impliquant des changements corporels, relationnels, organisationnels, existentiels. Il y a <em>un avant<\/em> et <em>un apr\u00e8s<\/em>. La perception de la temporalit\u00e9 est boulevers\u00e9e.<\/p><p>\u00c0 titre personnel, je pratique la Sophrologie Existentielle. Cela m\u2019aide \u00e0 amortir le stress, \u00e0 entretenir mes ressources propres n\u00e9cessaires \u00e0 une qualit\u00e9 d\u2019\u00eatre et de vivre ensemble, \u00e0 prendre soin de moi tout simplement.<\/p><p>Je constate que le travail effectu\u00e9 en Sophrologie Existentielle a consid\u00e9rablement am\u00e9lior\u00e9 mon \u00e9tat de disponibilit\u00e9 et\u00a0 mes conditions de vie : r\u00e9duction des tensions musculaires, am\u00e9lioration du sommeil, apaisement \u00e9motionnel, valorisation de soi avec un renforcement des capacit\u00e9s \u00e0 faire des choix pour la vie ensemble.<\/p><\/div>\n\t\t\t\t<\/div>\n\t\t\t\t<\/div>\n\t\t\t\t\t\t<\/div>\n\t\t\t\t\t<\/div>\n\t\t<\/div>\n\t\t\t\t\t\t\t\t<\/div>\n\t\t\t\t\t<\/div>\n\t\t<\/section>\n\t\t\t\t<section class=\"elementor-section elementor-top-section elementor-element elementor-element-9376822 elementor-section-boxed elementor-section-height-default elementor-section-height-default\" data-id=\"9376822\" data-element_type=\"section\">\n\t\t\t\t\t\t<div class=\"elementor-container elementor-column-gap-default\">\n\t\t\t\t\t\t\t<div class=\"elementor-row\">\n\t\t\t\t\t<div class=\"elementor-column elementor-col-100 elementor-top-column elementor-element elementor-element-f7f3fdf\" data-id=\"f7f3fdf\" data-element_type=\"column\">\n\t\t\t<div class=\"elementor-column-wrap elementor-element-populated\">\n\t\t\t\t\t\t\t<div class=\"elementor-widget-wrap\">\n\t\t\t\t\t\t<div class=\"elementor-element elementor-element-31c0a35 elementor-widget elementor-widget-text-editor\" data-id=\"31c0a35\" data-element_type=\"widget\" data-widget_type=\"text-editor.default\">\n\t\t\t\t<div class=\"elementor-widget-container\">\n\t\t\t\t\t<div class=\"elementor-text-editor elementor-clearfix\"><p>J&#8217;encourage les Aidants \u00e0 se tourner vers des outils qui leur apportent du soutien et du soulagement en douceur et en respect.<\/p><\/div>\n\t\t\t\t<\/div>\n\t\t\t\t<\/div>\n\t\t\t\t\t\t<\/div>\n\t\t\t\t\t<\/div>\n\t\t<\/div>\n\t\t\t\t\t\t\t\t<\/div>\n\t\t\t\t\t<\/div>\n\t\t<\/section>\n\t\t\t\t<section class=\"elementor-section elementor-top-section elementor-element elementor-element-b20b270 elementor-section-boxed elementor-section-height-default elementor-section-height-default\" data-id=\"b20b270\" data-element_type=\"section\">\n\t\t\t\t\t\t<div class=\"elementor-container elementor-column-gap-default\">\n\t\t\t\t\t\t\t<div class=\"elementor-row\">\n\t\t\t\t\t<div class=\"elementor-column elementor-col-100 elementor-top-column elementor-element elementor-element-5de25e1\" data-id=\"5de25e1\" data-element_type=\"column\">\n\t\t\t<div class=\"elementor-column-wrap elementor-element-populated\">\n\t\t\t\t\t\t\t<div class=\"elementor-widget-wrap\">\n\t\t\t\t\t\t<div class=\"elementor-element elementor-element-34f5ef3 elementor-widget elementor-widget-heading\" data-id=\"34f5ef3\" data-element_type=\"widget\" data-widget_type=\"heading.default\">\n\t\t\t\t<div class=\"elementor-widget-container\">\n\t\t\t<h4 class=\"elementor-heading-title elementor-size-default\">| ENTRE 8 ET 11 MILLIONS D'AIDANTS EN FRANCE<\/h4>\t\t<\/div>\n\t\t\t\t<\/div>\n\t\t\t\t\t\t<\/div>\n\t\t\t\t\t<\/div>\n\t\t<\/div>\n\t\t\t\t\t\t\t\t<\/div>\n\t\t\t\t\t<\/div>\n\t\t<\/section>\n\t\t\t\t<section class=\"elementor-section elementor-top-section elementor-element elementor-element-b635a06 elementor-section-boxed elementor-section-height-default elementor-section-height-default\" data-id=\"b635a06\" data-element_type=\"section\">\n\t\t\t\t\t\t<div class=\"elementor-container elementor-column-gap-default\">\n\t\t\t\t\t\t\t<div class=\"elementor-row\">\n\t\t\t\t\t<div class=\"elementor-column elementor-col-100 elementor-top-column elementor-element elementor-element-ea53ee1\" data-id=\"ea53ee1\" data-element_type=\"column\">\n\t\t\t<div class=\"elementor-column-wrap elementor-element-populated\">\n\t\t\t\t\t\t\t<div class=\"elementor-widget-wrap\">\n\t\t\t\t\t\t<div class=\"elementor-element elementor-element-43a0207 elementor-widget elementor-widget-text-editor\" data-id=\"43a0207\" data-element_type=\"widget\" data-widget_type=\"text-editor.default\">\n\t\t\t\t<div class=\"elementor-widget-container\">\n\t\t\t\t\t<div class=\"elementor-text-editor elementor-clearfix\"><p>Le sujet des Aidants est un probl\u00e8me de sant\u00e9 public. Selon les informations communiqu\u00e9es dans le dossier de presse du Minist\u00e8re des Solidarit\u00e9s et de la Sant\u00e9 du 23\/10\/2019 sur la Strat\u00e9gie de mobilisation et de soutien pour les Aidants \u00ab Agir pour les Aidants \u00bb, on estime \u00e0 11 millions le nombre de proches aidants en France, soit 1 Fran\u00e7ais sur 6*, 31% des aidants d\u00e9laissent leur propre sant\u00e9*, 25% ne parviennent pas \u00e0 se m\u00e9nager du r\u00e9pit* (* selon le Barom\u00e8tre 2019, Fondation April et BVA).<\/p><\/div>\n\t\t\t\t<\/div>\n\t\t\t\t<\/div>\n\t\t\t\t\t\t<\/div>\n\t\t\t\t\t<\/div>\n\t\t<\/div>\n\t\t\t\t\t\t\t\t<\/div>\n\t\t\t\t\t<\/div>\n\t\t<\/section>\n\t\t\t\t<section class=\"elementor-section elementor-top-section elementor-element elementor-element-0b1918b elementor-section-boxed elementor-section-height-default elementor-section-height-default\" data-id=\"0b1918b\" data-element_type=\"section\">\n\t\t\t\t\t\t<div class=\"elementor-container elementor-column-gap-default\">\n\t\t\t\t\t\t\t<div class=\"elementor-row\">\n\t\t\t\t\t<div class=\"elementor-column elementor-col-33 elementor-top-column elementor-element elementor-element-66dbe7c\" data-id=\"66dbe7c\" data-element_type=\"column\">\n\t\t\t<div class=\"elementor-column-wrap elementor-element-populated\">\n\t\t\t\t\t\t\t<div class=\"elementor-widget-wrap\">\n\t\t\t\t\t\t<div class=\"elementor-element elementor-element-0a35cf1 elementor-widget elementor-widget-text-editor\" data-id=\"0a35cf1\" data-element_type=\"widget\" data-widget_type=\"text-editor.default\">\n\t\t\t\t<div class=\"elementor-widget-container\">\n\t\t\t\t\t<div class=\"elementor-text-editor elementor-clearfix\"><p><b>Les difficult\u00e9s rencontr\u00e9es par les proches aidants\u00a0impactent leur sant\u00e9 physique et psychique.<\/b><\/p><p>Qu\u2019elles \u00e9voquent le <strong>stress<\/strong>, la <strong>fatigue<\/strong> du quotidien allant parfois jusqu\u2019\u00e0 l\u2019\u00e9puisement, la tendance \u00e0 <strong>repousser ses propres soins<\/strong> pour privil\u00e9gier ceux de la personne aid\u00e9e, ou le fait de <strong>ne pas parler<\/strong> de leur vie de proche aidant avec les professionnels de sant\u00e9 qui les suivent, ces personnes ont <strong>besoin de souffler<\/strong>.<\/p><\/div>\n\t\t\t\t<\/div>\n\t\t\t\t<\/div>\n\t\t\t\t\t\t<\/div>\n\t\t\t\t\t<\/div>\n\t\t<\/div>\n\t\t\t\t<div class=\"elementor-column elementor-col-66 elementor-top-column elementor-element elementor-element-45d2aa4\" data-id=\"45d2aa4\" data-element_type=\"column\">\n\t\t\t<div class=\"elementor-column-wrap elementor-element-populated\">\n\t\t\t\t\t\t\t<div class=\"elementor-widget-wrap\">\n\t\t\t\t\t\t<div class=\"elementor-element elementor-element-8150b80 elementor-widget elementor-widget-image\" data-id=\"8150b80\" data-element_type=\"widget\" data-widget_type=\"image.default\">\n\t\t\t\t<div class=\"elementor-widget-container\">\n\t\t\t\t\t<div class=\"elementor-image\">\n\t\t\t\t\t\t\t\t\t\t<img width=\"525\" height=\"525\" src=\"https:\/\/www.laetitiadamiani.com\/wp-content\/uploads\/2020\/09\/prendre-soin-aidants-mains.jpg-1024x1024.png\" class=\"attachment-large size-large\" alt=\"\" loading=\"lazy\" srcset=\"https:\/\/www.laetitiadamiani.com\/wp-content\/uploads\/2020\/09\/prendre-soin-aidants-mains.jpg-1024x1024.png 1024w, https:\/\/www.laetitiadamiani.com\/wp-content\/uploads\/2020\/09\/prendre-soin-aidants-mains.jpg-300x300.png 300w, https:\/\/www.laetitiadamiani.com\/wp-content\/uploads\/2020\/09\/prendre-soin-aidants-mains.jpg-150x150.png 150w, https:\/\/www.laetitiadamiani.com\/wp-content\/uploads\/2020\/09\/prendre-soin-aidants-mains.jpg-768x768.png 768w, https:\/\/www.laetitiadamiani.com\/wp-content\/uploads\/2020\/09\/prendre-soin-aidants-mains.jpg-100x100.png 100w, https:\/\/www.laetitiadamiani.com\/wp-content\/uploads\/2020\/09\/prendre-soin-aidants-mains.jpg.png 1200w\" sizes=\"100vw\" \/>\t\t\t\t\t\t\t\t\t\t\t<\/div>\n\t\t\t\t<\/div>\n\t\t\t\t<\/div>\n\t\t\t\t\t\t<\/div>\n\t\t\t\t\t<\/div>\n\t\t<\/div>\n\t\t\t\t\t\t\t\t<\/div>\n\t\t\t\t\t<\/div>\n\t\t<\/section>\n\t\t\t\t<section class=\"elementor-section elementor-top-section elementor-element elementor-element-7a4967c elementor-section-boxed elementor-section-height-default elementor-section-height-default\" data-id=\"7a4967c\" data-element_type=\"section\">\n\t\t\t\t\t\t<div class=\"elementor-container elementor-column-gap-default\">\n\t\t\t\t\t\t\t<div class=\"elementor-row\">\n\t\t\t\t\t<div class=\"elementor-column elementor-col-100 elementor-top-column elementor-element elementor-element-fe54e83\" data-id=\"fe54e83\" data-element_type=\"column\">\n\t\t\t<div class=\"elementor-column-wrap elementor-element-populated\">\n\t\t\t\t\t\t\t<div class=\"elementor-widget-wrap\">\n\t\t\t\t\t\t<div class=\"elementor-element elementor-element-9bb3bd8 elementor-widget elementor-widget-text-editor\" data-id=\"9bb3bd8\" data-element_type=\"widget\" data-widget_type=\"text-editor.default\">\n\t\t\t\t<div class=\"elementor-widget-container\">\n\t\t\t\t\t<div class=\"elementor-text-editor elementor-clearfix\"><p>Chez les jeunes aidants (enfant, adolescent ou jeune adulte) dont l\u2019aide est comparable \u00e0 celle d\u2019un adulte, des besoins tels que <strong>sortir de l\u2019isolement<\/strong>, pouvoir <strong>prendre du recul sur le quotidien<\/strong> par exemple se font sentir.<\/p><p><strong>47 % des aidants ont une activit\u00e9 professionnelle, <\/strong>soit environ un salari\u00e9 sur dix en France en situation d&#8217;aidant. Faciliter la conciliation de la vie professionnelle et de l&#8217;accompagnement d&#8217;un proche en difficult\u00e9 de vie, et ce malgr\u00e9 le cong\u00e9 proche aidant, <strong>requiert une sensibilisation du monde de l&#8217;entreprise.<\/strong><\/p><\/div>\n\t\t\t\t<\/div>\n\t\t\t\t<\/div>\n\t\t\t\t\t\t<\/div>\n\t\t\t\t\t<\/div>\n\t\t<\/div>\n\t\t\t\t\t\t\t\t<\/div>\n\t\t\t\t\t<\/div>\n\t\t<\/section>\n\t\t\t\t<section class=\"elementor-section elementor-top-section elementor-element elementor-element-4492a57 elementor-section-boxed elementor-section-height-default elementor-section-height-default\" data-id=\"4492a57\" data-element_type=\"section\">\n\t\t\t\t\t\t<div class=\"elementor-container elementor-column-gap-default\">\n\t\t\t\t\t\t\t<div class=\"elementor-row\">\n\t\t\t\t\t<div class=\"elementor-column elementor-col-100 elementor-top-column elementor-element elementor-element-74d96bd\" data-id=\"74d96bd\" data-element_type=\"column\">\n\t\t\t<div class=\"elementor-column-wrap elementor-element-populated\">\n\t\t\t\t\t\t\t<div class=\"elementor-widget-wrap\">\n\t\t\t\t\t\t<div class=\"elementor-element elementor-element-6f2cbb2 elementor-widget elementor-widget-text-editor\" data-id=\"6f2cbb2\" data-element_type=\"widget\" data-widget_type=\"text-editor.default\">\n\t\t\t\t<div class=\"elementor-widget-container\">\n\t\t\t\t\t<div class=\"elementor-text-editor elementor-clearfix\"><p>Pour tous les types de publics, adultes, jeunes aidants et salari\u00e9s indiquent avoir besoin d\u2019accompagnement, d\u2019\u00eatre inform\u00e9s, <b>avoir besoin d\u2019aide et de r\u00e9pit et surtout de reconnaissance<\/b>.<\/p><\/div>\n\t\t\t\t<\/div>\n\t\t\t\t<\/div>\n\t\t\t\t\t\t<\/div>\n\t\t\t\t\t<\/div>\n\t\t<\/div>\n\t\t\t\t\t\t\t\t<\/div>\n\t\t\t\t\t<\/div>\n\t\t<\/section>\n\t\t\t\t<section class=\"elementor-section elementor-top-section elementor-element elementor-element-07c228d elementor-section-boxed elementor-section-height-default elementor-section-height-default\" data-id=\"07c228d\" data-element_type=\"section\">\n\t\t\t\t\t\t<div class=\"elementor-container elementor-column-gap-default\">\n\t\t\t\t\t\t\t<div class=\"elementor-row\">\n\t\t\t\t\t<div class=\"elementor-column elementor-col-100 elementor-top-column elementor-element elementor-element-b1d656d\" data-id=\"b1d656d\" data-element_type=\"column\">\n\t\t\t<div class=\"elementor-column-wrap elementor-element-populated\">\n\t\t\t\t\t\t\t<div class=\"elementor-widget-wrap\">\n\t\t\t\t\t\t<div class=\"elementor-element elementor-element-fb21edf elementor-widget elementor-widget-heading\" data-id=\"fb21edf\" data-element_type=\"widget\" data-widget_type=\"heading.default\">\n\t\t\t\t<div class=\"elementor-widget-container\">\n\t\t\t<h4 class=\"elementor-heading-title elementor-size-default\">| LA SOPHROLOGIE POUR LES AIDANTS<\/h4>\t\t<\/div>\n\t\t\t\t<\/div>\n\t\t\t\t\t\t<\/div>\n\t\t\t\t\t<\/div>\n\t\t<\/div>\n\t\t\t\t\t\t\t\t<\/div>\n\t\t\t\t\t<\/div>\n\t\t<\/section>\n\t\t\t\t<section class=\"elementor-section elementor-top-section elementor-element elementor-element-57400a0 elementor-section-boxed elementor-section-height-default elementor-section-height-default\" data-id=\"57400a0\" data-element_type=\"section\">\n\t\t\t\t\t\t<div class=\"elementor-container elementor-column-gap-default\">\n\t\t\t\t\t\t\t<div class=\"elementor-row\">\n\t\t\t\t\t<div class=\"elementor-column elementor-col-100 elementor-top-column elementor-element elementor-element-240ce14\" data-id=\"240ce14\" data-element_type=\"column\">\n\t\t\t<div class=\"elementor-column-wrap elementor-element-populated\">\n\t\t\t\t\t\t\t<div class=\"elementor-widget-wrap\">\n\t\t\t\t\t\t<div class=\"elementor-element elementor-element-7ea5445 elementor-widget elementor-widget-text-editor\" data-id=\"7ea5445\" data-element_type=\"widget\" data-widget_type=\"text-editor.default\">\n\t\t\t\t<div class=\"elementor-widget-container\">\n\t\t\t\t\t<div class=\"elementor-text-editor elementor-clearfix\"><p>En r\u00e9ponse \u00e0 ces difficult\u00e9s, la Sophrologie Existentielle permet de se donner un temps pour souffler, pour r\u00e9cup\u00e9rer physiquement et moralement au moyen d\u2019exercices simples dans une approche centr\u00e9e sur la personne et avec un accompagnement personnalis\u00e9, \u00e9volutif et adapt\u00e9.<\/p><p>Mes axes de travail :<br \/>&gt; <strong>R\u00e9cup\u00e9rer physiquement et moralement<\/strong> : ACTION SUR LE STRESS<br \/>&gt; <strong>Pr\u00e9venir les tensions, les conflits, l&#8217;\u00e9puisement<\/strong> : ACTION SUR L\u2019\u00c9QUILIBRE PERSONNEL<br \/>&gt; <strong>Apaiser le sentiment de solitude<\/strong> : ACTION SUR L&#8217;ESTIME DE SOI<br \/>&gt; <strong>R\u00e9investir positivement la relation avec la personne accompagn\u00e9e<\/strong> : ACTION SUR LA CR\u00c9ATIVIT\u00c9<\/p><p>Le travail en <span style=\"text-decoration: underline;\">s\u00e9ance individuelle<\/span> consiste \u00e0 mettre en place un accompagnement personnalis\u00e9 dans espace sp\u00e9cifique privil\u00e9gi\u00e9 avec la possibilit\u00e9 d\u2019exprimer ses \u00e9motions.<\/p><p>Le travail <span style=\"text-decoration: underline;\">en groupe<\/span>\u00a0 s&#8217;oriente vers une activit\u00e9 physique de bien-\u00eatre lors d&#8217;un espace-temps d\u00e9di\u00e9 afin de pr\u00e9venir l&#8217;isolement et de partager son v\u00e9cu avec des personnes concern\u00e9es.<\/p><\/div>\n\t\t\t\t<\/div>\n\t\t\t\t<\/div>\n\t\t\t\t\t\t<\/div>\n\t\t\t\t\t<\/div>\n\t\t<\/div>\n\t\t\t\t\t\t\t\t<\/div>\n\t\t\t\t\t<\/div>\n\t\t<\/section>\n\t\t\t\t<section class=\"elementor-section elementor-top-section elementor-element elementor-element-7315c66 elementor-section-boxed elementor-section-height-default elementor-section-height-default\" data-id=\"7315c66\" data-element_type=\"section\">\n\t\t\t\t\t\t<div class=\"elementor-container elementor-column-gap-default\">\n\t\t\t\t\t\t\t<div class=\"elementor-row\">\n\t\t\t\t\t<div class=\"elementor-column elementor-col-100 elementor-top-column elementor-element elementor-element-5f3b4e4\" data-id=\"5f3b4e4\" data-element_type=\"column\">\n\t\t\t<div class=\"elementor-column-wrap elementor-element-populated\">\n\t\t\t\t\t\t\t<div class=\"elementor-widget-wrap\">\n\t\t\t\t\t\t<div class=\"elementor-element elementor-element-ba372f7 elementor-widget elementor-widget-image\" data-id=\"ba372f7\" data-element_type=\"widget\" data-widget_type=\"image.default\">\n\t\t\t\t<div class=\"elementor-widget-container\">\n\t\t\t\t\t<div class=\"elementor-image\">\n\t\t\t\t\t\t\t\t\t\t<img width=\"525\" height=\"154\" src=\"https:\/\/www.laetitiadamiani.com\/wp-content\/uploads\/2020\/10\/Halo-07-1024x300-1.jpg\" class=\"attachment-large size-large\" alt=\"\" loading=\"lazy\" srcset=\"https:\/\/www.laetitiadamiani.com\/wp-content\/uploads\/2020\/10\/Halo-07-1024x300-1.jpg 1024w, https:\/\/www.laetitiadamiani.com\/wp-content\/uploads\/2020\/10\/Halo-07-1024x300-1-300x88.jpg 300w, https:\/\/www.laetitiadamiani.com\/wp-content\/uploads\/2020\/10\/Halo-07-1024x300-1-768x225.jpg 768w\" sizes=\"100vw\" \/>\t\t\t\t\t\t\t\t\t\t\t<\/div>\n\t\t\t\t<\/div>\n\t\t\t\t<\/div>\n\t\t\t\t\t\t<\/div>\n\t\t\t\t\t<\/div>\n\t\t<\/div>\n\t\t\t\t\t\t\t\t<\/div>\n\t\t\t\t\t<\/div>\n\t\t<\/section>\n\t\t\t\t\t\t<\/div>\n\t\t\t\t\t\t<\/div>\n\t\t\t\t\t<\/div>\n\t\t","protected":false},"excerpt":{"rendered":"<p>| SOUTIEN AUX AIDANTS La pratique de la Sophrologie Existentielle offre ce temps de r\u00e9pit, physique, psychique et affectif, ce temps pour soi qui manque tant, un besoin dont on n&#8217;a pas souvent conscience. | UNE SENSIBILIT\u00c9 PARTICULI\u00c8RE POUR LES AIDANTS D\u00e8s l\u2019enfance j\u2019ai \u00e9t\u00e9 en contact r\u00e9gulier avec des personnes de mon entourage, le &hellip; <\/p>\n<p class=\"link-more\"><a href=\"https:\/\/www.laetitiadamiani.com\/index.php\/soutien-aux-aidants\/\" class=\"more-link\">Continuer la lecture<span class=\"screen-reader-text\"> de &laquo;&nbsp;Soutien aux Aidants&nbsp;&raquo;<\/span><\/a><\/p>\n","protected":false},"author":1,"featured_media":0,"parent":0,"menu_order":0,"comment_status":"closed","ping_status":"closed","template":"","meta":{"spay_email":""},"yoast_head":"<!-- This site is optimized with the Yoast SEO plugin v14.9 - https:\/\/yoast.com\/wordpress\/plugins\/seo\/ -->\n<title>Soutien aux Aidants - LAETITIA DAMIANI<\/title>\n<meta name=\"description\" content=\"Les difficult\u00e9s rencontr\u00e9es par les proches aidants impactent leur sant\u00e9 physique et psychique. En r\u00e9ponse \u00e0 ces difficult\u00e9s, la Sophrologie Existentielle permet de se donner un temps pour souffler, pour r\u00e9cup\u00e9rer physiquement et moralement avec un accompagnement personnalis\u00e9, \u00e9volutif et adapt\u00e9.\" \/>\n<meta name=\"robots\" content=\"index, follow, max-snippet:-1, max-image-preview:large, max-video-preview:-1\" \/>\n<link rel=\"canonical\" href=\"https:\/\/www.laetitiadamiani.com\/index.php\/soutien-aux-aidants\/\" \/>\n<meta property=\"og:locale\" content=\"fr_FR\" \/>\n<meta property=\"og:type\" content=\"article\" \/>\n<meta property=\"og:title\" content=\"Soutien aux Aidants - LAETITIA DAMIANI\" \/>\n<meta property=\"og:description\" content=\"Les difficult\u00e9s rencontr\u00e9es par les proches aidants impactent leur sant\u00e9 physique et psychique. En r\u00e9ponse \u00e0 ces difficult\u00e9s, la Sophrologie Existentielle permet de se donner un temps pour souffler, pour r\u00e9cup\u00e9rer physiquement et moralement avec un accompagnement personnalis\u00e9, \u00e9volutif et adapt\u00e9.\" \/>\n<meta property=\"og:url\" content=\"https:\/\/www.laetitiadamiani.com\/index.php\/soutien-aux-aidants\/\" \/>\n<meta property=\"og:site_name\" content=\"LAETITIA DAMIANI\" \/>\n<meta property=\"article:modified_time\" content=\"2020-10-26T16:17:57+00:00\" \/>\n<meta property=\"og:image\" content=\"https:\/\/www.laetitiadamiani.com\/wp-content\/uploads\/2020\/09\/prendre-soin-aidants-mains.jpg-1024x1024.png\" \/>\n<meta name=\"twitter:card\" content=\"summary_large_image\" \/>\n<script type=\"application\/ld+json\" class=\"yoast-schema-graph\">{\"@context\":\"https:\/\/schema.org\",\"@graph\":[{\"@type\":\"WebSite\",\"@id\":\"https:\/\/www.laetitiadamiani.com\/#website\",\"url\":\"https:\/\/www.laetitiadamiani.com\/\",\"name\":\"LAETITIA DAMIANI\",\"description\":\"VOUS ACCOMPAGNER AVEC UNE M\\u00c9THODE SUR MESURE &gt; SOPHROLOGIE EXISTENTIELLE \",\"potentialAction\":[{\"@type\":\"SearchAction\",\"target\":\"https:\/\/www.laetitiadamiani.com\/?s={search_term_string}\",\"query-input\":\"required name=search_term_string\"}],\"inLanguage\":\"fr-FR\"},{\"@type\":\"ImageObject\",\"@id\":\"https:\/\/www.laetitiadamiani.com\/index.php\/soutien-aux-aidants\/#primaryimage\",\"inLanguage\":\"fr-FR\",\"url\":\"https:\/\/www.laetitiadamiani.com\/wp-content\/uploads\/2020\/09\/prendre-soin-aidants-mains.jpg.png\",\"width\":1200,\"height\":1200},{\"@type\":\"WebPage\",\"@id\":\"https:\/\/www.laetitiadamiani.com\/index.php\/soutien-aux-aidants\/#webpage\",\"url\":\"https:\/\/www.laetitiadamiani.com\/index.php\/soutien-aux-aidants\/\",\"name\":\"Soutien aux Aidants - LAETITIA DAMIANI\",\"isPartOf\":{\"@id\":\"https:\/\/www.laetitiadamiani.com\/#website\"},\"primaryImageOfPage\":{\"@id\":\"https:\/\/www.laetitiadamiani.com\/index.php\/soutien-aux-aidants\/#primaryimage\"},\"datePublished\":\"2020-10-20T15:35:15+00:00\",\"dateModified\":\"2020-10-26T16:17:57+00:00\",\"description\":\"Les difficult\\u00e9s rencontr\\u00e9es par les proches aidants impactent leur sant\\u00e9 physique et psychique. En r\\u00e9ponse \\u00e0 ces difficult\\u00e9s, la Sophrologie Existentielle permet de se donner un temps pour souffler, pour r\\u00e9cup\\u00e9rer physiquement et moralement avec un accompagnement personnalis\\u00e9, \\u00e9volutif et adapt\\u00e9.\",\"inLanguage\":\"fr-FR\",\"potentialAction\":[{\"@type\":\"ReadAction\",\"target\":[\"https:\/\/www.laetitiadamiani.com\/index.php\/soutien-aux-aidants\/\"]}]}]}<\/script>\n<!-- \/ Yoast SEO plugin. -->","_links":{"self":[{"href":"https:\/\/www.laetitiadamiani.com\/index.php\/wp-json\/wp\/v2\/pages\/352"}],"collection":[{"href":"https:\/\/www.laetitiadamiani.com\/index.php\/wp-json\/wp\/v2\/pages"}],"about":[{"href":"https:\/\/www.laetitiadamiani.com\/index.php\/wp-json\/wp\/v2\/types\/page"}],"author":[{"embeddable":true,"href":"https:\/\/www.laetitiadamiani.com\/index.php\/wp-json\/wp\/v2\/users\/1"}],"replies":[{"embeddable":true,"href":"https:\/\/www.laetitiadamiani.com\/index.php\/wp-json\/wp\/v2\/comments?post=352"}],"version-history":[{"count":13,"href":"https:\/\/www.laetitiadamiani.com\/index.php\/wp-json\/wp\/v2\/pages\/352\/revisions"}],"predecessor-version":[{"id":490,"href":"https:\/\/www.laetitiadamiani.com\/index.php\/wp-json\/wp\/v2\/pages\/352\/revisions\/490"}],"wp:attachment":[{"href":"https:\/\/www.laetitiadamiani.com\/index.php\/wp-json\/wp\/v2\/media?parent=352"}],"curies":[{"name":"wp","href":"https:\/\/api.w.org\/{rel}","templated":true}]}}